{"id":504,"date":"2025-02-17T14:12:19","date_gmt":"2025-02-17T13:12:19","guid":{"rendered":"https:\/\/assoesna.org\/?page_id=504"},"modified":"2025-03-27T14:28:47","modified_gmt":"2025-03-27T13:28:47","slug":"volet-formation-et-education","status":"publish","type":"page","link":"https:\/\/assoesna.org\/index.php\/volet-formation-et-education\/","title":{"rendered":"Volet formation et \u00e9ducation"},"content":{"rendered":"\t\t<div data-elementor-type=\"wp-page\" data-elementor-id=\"504\" class=\"elementor elementor-504\">\n\t\t\t\t<div class=\"elementor-element elementor-element-39c8351 e-con-full e-flex wpr-particle-no wpr-jarallax-no wpr-parallax-no wpr-sticky-section-no wpr-equal-height-no e-con e-parent\" data-id=\"39c8351\" data-element_type=\"container\" data-e-type=\"container\">\n\t\t\t\t<div class=\"elementor-element elementor-element-1d18850 elementor-widget elementor-widget-shortcode\" data-id=\"1d18850\" data-element_type=\"widget\" data-e-type=\"widget\" data-widget_type=\"shortcode.default\">\n\t\t\t\t<div class=\"elementor-widget-container\">\n\t\t\t\t\t\t\t<div class=\"elementor-shortcode\">  <\/div>\n\t\t\t\t\t\t<\/div>\n\t\t\t\t<\/div>\n\t\t\t\t<\/div>\n\t\t<div class=\"elementor-element elementor-element-2c0f97f e-flex e-con-boxed wpr-particle-no wpr-jarallax-no wpr-parallax-no wpr-sticky-section-no wpr-equal-height-no e-con e-parent\" data-id=\"2c0f97f\" data-element_type=\"container\" data-e-type=\"container\">\n\t\t\t\t\t<div class=\"e-con-inner\">\n\t\t\t\t<div class=\"elementor-element elementor-element-ad5f42f elementor-widget elementor-widget-spacer\" data-id=\"ad5f42f\" data-element_type=\"widget\" data-e-type=\"widget\" data-widget_type=\"spacer.default\">\n\t\t\t\t<div class=\"elementor-widget-container\">\n\t\t\t\t\t\t\t<div class=\"elementor-spacer\">\n\t\t\t<div class=\"elementor-spacer-inner\"><\/div>\n\t\t<\/div>\n\t\t\t\t\t\t<\/div>\n\t\t\t\t<\/div>\n\t\t\t\t<div class=\"elementor-element elementor-element-6d8bae1 elementor-widget elementor-widget-heading\" data-id=\"6d8bae1\" data-element_type=\"widget\" data-e-type=\"widget\" data-widget_type=\"heading.default\">\n\t\t\t\t<div class=\"elementor-widget-container\">\n\t\t\t\t\t<h6 class=\"elementor-heading-title elementor-size-default\">\u00c9ducation et Sensibilisation aux Enjeux Soci\u00e9taux<\/h6>\t\t\t\t<\/div>\n\t\t\t\t<\/div>\n\t\t\t\t<div class=\"elementor-element elementor-element-684de68 elementor-widget elementor-widget-spacer\" data-id=\"684de68\" data-element_type=\"widget\" data-e-type=\"widget\" data-widget_type=\"spacer.default\">\n\t\t\t\t<div class=\"elementor-widget-container\">\n\t\t\t\t\t\t\t<div class=\"elementor-spacer\">\n\t\t\t<div class=\"elementor-spacer-inner\"><\/div>\n\t\t<\/div>\n\t\t\t\t\t\t<\/div>\n\t\t\t\t<\/div>\n\t\t\t\t<div class=\"elementor-element elementor-element-7c9a3bc elementor-widget elementor-widget-text-editor\" data-id=\"7c9a3bc\" data-element_type=\"widget\" data-e-type=\"widget\" data-widget_type=\"text-editor.default\">\n\t\t\t\t<div class=\"elementor-widget-container\">\n\t\t\t\t\t\t\t\t\t<p>ESNA consid\u00e8re l&rsquo;\u00e9ducation et la sensibilisation aux enjeux soci\u00e9taux comme des piliers essentiels pour former des citoyens inform\u00e9s et engag\u00e9s. Nous organisons des ateliers et des \u00e9v\u00e9nements destin\u00e9s \u00e0 informer les jeunes et les adultes sur des questions sociales et environnementales cruciales, telles que les droits humains, l\u2019\u00e9galit\u00e9, et le d\u00e9veloppement durable. \u00c0 travers des d\u00e9bats, des projections et des sessions d\u2019\u00e9changes, nous visons \u00e0 encourager une compr\u00e9hension approfondie de ces sujets pour une prise de conscience active.<\/p><p>\u00a0<\/p><p>Notre association s\u2019efforce de donner aux jeunes les outils n\u00e9cessaires pour comprendre les d\u00e9fis auxquels notre soci\u00e9t\u00e9 est confront\u00e9e et pour les encourager \u00e0 participer activement \u00e0 la construction d\u2019un avenir meilleur. Par des programmes d\u2019\u00e9ducation citoyenne et des projets collaboratifs, ESNA incite les jeunes \u00e0 explorer des th\u00e9matiques comme le respect de l\u2019environnement, la solidarit\u00e9, et l\u2019inclusion sociale. Nous visons ainsi \u00e0 former une nouvelle g\u00e9n\u00e9ration de citoyens solidaires, inform\u00e9s et pr\u00eats \u00e0 agir pour faire avancer les valeurs humaines et soci\u00e9tales.<\/p>\t\t\t\t\t\t\t\t<\/div>\n\t\t\t\t<\/div>\n\t\t\t\t<div class=\"elementor-element elementor-element-6ab2cc9 elementor-widget elementor-widget-spacer\" data-id=\"6ab2cc9\" data-element_type=\"widget\" data-e-type=\"widget\" data-widget_type=\"spacer.default\">\n\t\t\t\t<div class=\"elementor-widget-container\">\n\t\t\t\t\t\t\t<div class=\"elementor-spacer\">\n\t\t\t<div class=\"elementor-spacer-inner\"><\/div>\n\t\t<\/div>\n\t\t\t\t\t\t<\/div>\n\t\t\t\t<\/div>\n\t\t\t\t\t<\/div>\n\t\t\t\t<\/div>\n\t\t<div class=\"elementor-element elementor-element-1f11051 e-flex e-con-boxed wpr-particle-no wpr-jarallax-no wpr-parallax-no wpr-sticky-section-no wpr-equal-height-no e-con e-parent\" data-id=\"1f11051\" data-element_type=\"container\" data-e-type=\"container\" data-settings=\"{&quot;background_background&quot;:&quot;classic&quot;}\">\n\t\t\t\t\t<div class=\"e-con-inner\">\n\t\t\t\t\t<\/div>\n\t\t\t\t<\/div>\n\t\t\t\t<\/div>\n\t\t","protected":false},"excerpt":{"rendered":"<p>\u00c9ducation et Sensibilisation aux Enjeux Soci\u00e9taux ESNA consid\u00e8re l&rsquo;\u00e9ducation et la sensibilisation aux enjeux soci\u00e9taux comme des piliers essentiels pour former des citoyens inform\u00e9s et engag\u00e9s. Nous organisons des ateliers et des \u00e9v\u00e9nements destin\u00e9s \u00e0 informer les jeunes et les adultes sur des questions sociales et environnementales cruciales, telles que les droits humains, l\u2019\u00e9galit\u00e9, et le d\u00e9veloppement durable. \u00c0 travers des d\u00e9bats, des projections et des sessions d\u2019\u00e9changes, nous visons \u00e0 encourager une compr\u00e9hension approfondie de ces sujets pour une prise de conscience active. \u00a0 Notre association s\u2019efforce de donner aux jeunes les outils n\u00e9cessaires pour comprendre les d\u00e9fis auxquels notre soci\u00e9t\u00e9 est confront\u00e9e et pour les encourager \u00e0 participer activement \u00e0 la construction d\u2019un avenir meilleur. Par des programmes d\u2019\u00e9ducation citoyenne et des projets collaboratifs, ESNA incite les jeunes \u00e0 explorer des th\u00e9matiques comme le respect de l\u2019environnement, la solidarit\u00e9, et l\u2019inclusion sociale. Nous visons ainsi \u00e0 former une nouvelle g\u00e9n\u00e9ration de citoyens solidaires, inform\u00e9s et pr\u00eats \u00e0 agir pour faire avancer les valeurs humaines et soci\u00e9tales.<\/p>\n","protected":false},"author":1,"featured_media":0,"parent":0,"menu_order":0,"comment_status":"closed","ping_status":"closed","template":"","meta":{"footnotes":""},"class_list":["post-504","page","type-page","status-publish","hentry"],"yoast_head":"<!-- This site is optimized with the Yoast SEO plugin v27.4 - https:\/\/yoast.com\/product\/yoast-seo-wordpress\/ -->\n<title>Volet formation et \u00e9ducation - ESNA<\/title>\n<meta name=\"robots\" content=\"index, follow, max-snippet:-1, max-image-preview:large, max-video-preview:-1\" \/>\n<link rel=\"canonical\" href=\"https:\/\/assoesna.org\/index.php\/volet-formation-et-education\/\" \/>\n<meta property=\"og:locale\" content=\"fr_FR\" \/>\n<meta property=\"og:type\" content=\"article\" \/>\n<meta property=\"og:title\" content=\"Volet formation et \u00e9ducation - ESNA\" \/>\n<meta property=\"og:description\" content=\"\u00c9ducation et Sensibilisation aux Enjeux Soci\u00e9taux ESNA consid\u00e8re l&rsquo;\u00e9ducation et la sensibilisation aux enjeux soci\u00e9taux comme des piliers essentiels pour former des citoyens inform\u00e9s et engag\u00e9s. Nous organisons des ateliers et des \u00e9v\u00e9nements destin\u00e9s \u00e0 informer les jeunes et les adultes sur des questions sociales et environnementales cruciales, telles que les droits humains, l\u2019\u00e9galit\u00e9, et le d\u00e9veloppement durable. \u00c0 travers des d\u00e9bats, des projections et des sessions d\u2019\u00e9changes, nous visons \u00e0 encourager une compr\u00e9hension approfondie de ces sujets pour une prise de conscience active. \u00a0 Notre association s\u2019efforce de donner aux jeunes les outils n\u00e9cessaires pour comprendre les d\u00e9fis auxquels notre soci\u00e9t\u00e9 est confront\u00e9e et pour les encourager \u00e0 participer activement \u00e0 la construction d\u2019un avenir meilleur. Par des programmes d\u2019\u00e9ducation citoyenne et des projets collaboratifs, ESNA incite les jeunes \u00e0 explorer des th\u00e9matiques comme le respect de l\u2019environnement, la solidarit\u00e9, et l\u2019inclusion sociale. Nous visons ainsi \u00e0 former une nouvelle g\u00e9n\u00e9ration de citoyens solidaires, inform\u00e9s et pr\u00eats \u00e0 agir pour faire avancer les valeurs humaines et soci\u00e9tales.\" \/>\n<meta property=\"og:url\" content=\"https:\/\/assoesna.org\/index.php\/volet-formation-et-education\/\" \/>\n<meta property=\"og:site_name\" content=\"ESNA\" \/>\n<meta property=\"article:modified_time\" content=\"2025-03-27T13:28:47+00:00\" \/>\n<meta name=\"twitter:card\" content=\"summary_large_image\" \/>\n<meta name=\"twitter:label1\" content=\"Dur\u00e9e de lecture estim\u00e9e\" \/>\n\t<meta name=\"twitter:data1\" content=\"1 minute\" \/>\n<script type=\"application\/ld+json\" class=\"yoast-schema-graph\">{\"@context\":\"https:\\\/\\\/schema.org\",\"@graph\":[{\"@type\":\"WebPage\",\"@id\":\"https:\\\/\\\/assoesna.org\\\/index.php\\\/volet-formation-et-education\\\/\",\"url\":\"https:\\\/\\\/assoesna.org\\\/index.php\\\/volet-formation-et-education\\\/\",\"name\":\"Volet formation et \u00e9ducation - ESNA\",\"isPartOf\":{\"@id\":\"https:\\\/\\\/assoesna.org\\\/#website\"},\"datePublished\":\"2025-02-17T13:12:19+00:00\",\"dateModified\":\"2025-03-27T13:28:47+00:00\",\"breadcrumb\":{\"@id\":\"https:\\\/\\\/assoesna.org\\\/index.php\\\/volet-formation-et-education\\\/#breadcrumb\"},\"inLanguage\":\"fr-FR\",\"potentialAction\":[{\"@type\":\"ReadAction\",\"target\":[\"https:\\\/\\\/assoesna.org\\\/index.php\\\/volet-formation-et-education\\\/\"]}]},{\"@type\":\"BreadcrumbList\",\"@id\":\"https:\\\/\\\/assoesna.org\\\/index.php\\\/volet-formation-et-education\\\/#breadcrumb\",\"itemListElement\":[{\"@type\":\"ListItem\",\"position\":1,\"name\":\"Accueil\",\"item\":\"https:\\\/\\\/assoesna.org\\\/\"},{\"@type\":\"ListItem\",\"position\":2,\"name\":\"Volet formation et \u00e9ducation\"}]},{\"@type\":\"WebSite\",\"@id\":\"https:\\\/\\\/assoesna.org\\\/#website\",\"url\":\"https:\\\/\\\/assoesna.org\\\/\",\"name\":\"ESNA\",\"description\":\"Agir pour un avenir solidaire, inclusif et connect\u00e9\",\"publisher\":{\"@id\":\"https:\\\/\\\/assoesna.org\\\/#organization\"},\"potentialAction\":[{\"@type\":\"SearchAction\",\"target\":{\"@type\":\"EntryPoint\",\"urlTemplate\":\"https:\\\/\\\/assoesna.org\\\/?s={search_term_string}\"},\"query-input\":{\"@type\":\"PropertyValueSpecification\",\"valueRequired\":true,\"valueName\":\"search_term_string\"}}],\"inLanguage\":\"fr-FR\"},{\"@type\":\"Organization\",\"@id\":\"https:\\\/\\\/assoesna.org\\\/#organization\",\"name\":\"ESNA\",\"url\":\"https:\\\/\\\/assoesna.org\\\/\",\"logo\":{\"@type\":\"ImageObject\",\"inLanguage\":\"fr-FR\",\"@id\":\"https:\\\/\\\/assoesna.org\\\/#\\\/schema\\\/logo\\\/image\\\/\",\"url\":\"https:\\\/\\\/assoesna.org\\\/wp-content\\\/uploads\\\/2025\\\/02\\\/cropped-Fichier-10@4x-3.png\",\"contentUrl\":\"https:\\\/\\\/assoesna.org\\\/wp-content\\\/uploads\\\/2025\\\/02\\\/cropped-Fichier-10@4x-3.png\",\"width\":1506,\"height\":552,\"caption\":\"ESNA\"},\"image\":{\"@id\":\"https:\\\/\\\/assoesna.org\\\/#\\\/schema\\\/logo\\\/image\\\/\"}}]}<\/script>\n<!-- \/ Yoast SEO plugin. -->","yoast_head_json":{"title":"Volet formation et \u00e9ducation - ESNA","robots":{"index":"index","follow":"follow","max-snippet":"max-snippet:-1","max-image-preview":"max-image-preview:large","max-video-preview":"max-video-preview:-1"},"canonical":"https:\/\/assoesna.org\/index.php\/volet-formation-et-education\/","og_locale":"fr_FR","og_type":"article","og_title":"Volet formation et \u00e9ducation - ESNA","og_description":"\u00c9ducation et Sensibilisation aux Enjeux Soci\u00e9taux ESNA consid\u00e8re l&rsquo;\u00e9ducation et la sensibilisation aux enjeux soci\u00e9taux comme des piliers essentiels pour former des citoyens inform\u00e9s et engag\u00e9s. Nous organisons des ateliers et des \u00e9v\u00e9nements destin\u00e9s \u00e0 informer les jeunes et les adultes sur des questions sociales et environnementales cruciales, telles que les droits humains, l\u2019\u00e9galit\u00e9, et le d\u00e9veloppement durable. \u00c0 travers des d\u00e9bats, des projections et des sessions d\u2019\u00e9changes, nous visons \u00e0 encourager une compr\u00e9hension approfondie de ces sujets pour une prise de conscience active. \u00a0 Notre association s\u2019efforce de donner aux jeunes les outils n\u00e9cessaires pour comprendre les d\u00e9fis auxquels notre soci\u00e9t\u00e9 est confront\u00e9e et pour les encourager \u00e0 participer activement \u00e0 la construction d\u2019un avenir meilleur. Par des programmes d\u2019\u00e9ducation citoyenne et des projets collaboratifs, ESNA incite les jeunes \u00e0 explorer des th\u00e9matiques comme le respect de l\u2019environnement, la solidarit\u00e9, et l\u2019inclusion sociale. Nous visons ainsi \u00e0 former une nouvelle g\u00e9n\u00e9ration de citoyens solidaires, inform\u00e9s et pr\u00eats \u00e0 agir pour faire avancer les valeurs humaines et soci\u00e9tales.","og_url":"https:\/\/assoesna.org\/index.php\/volet-formation-et-education\/","og_site_name":"ESNA","article_modified_time":"2025-03-27T13:28:47+00:00","twitter_card":"summary_large_image","twitter_misc":{"Dur\u00e9e de lecture estim\u00e9e":"1 minute"},"schema":{"@context":"https:\/\/schema.org","@graph":[{"@type":"WebPage","@id":"https:\/\/assoesna.org\/index.php\/volet-formation-et-education\/","url":"https:\/\/assoesna.org\/index.php\/volet-formation-et-education\/","name":"Volet formation et \u00e9ducation - ESNA","isPartOf":{"@id":"https:\/\/assoesna.org\/#website"},"datePublished":"2025-02-17T13:12:19+00:00","dateModified":"2025-03-27T13:28:47+00:00","breadcrumb":{"@id":"https:\/\/assoesna.org\/index.php\/volet-formation-et-education\/#breadcrumb"},"inLanguage":"fr-FR","potentialAction":[{"@type":"ReadAction","target":["https:\/\/assoesna.org\/index.php\/volet-formation-et-education\/"]}]},{"@type":"BreadcrumbList","@id":"https:\/\/assoesna.org\/index.php\/volet-formation-et-education\/#breadcrumb","itemListElement":[{"@type":"ListItem","position":1,"name":"Accueil","item":"https:\/\/assoesna.org\/"},{"@type":"ListItem","position":2,"name":"Volet formation et \u00e9ducation"}]},{"@type":"WebSite","@id":"https:\/\/assoesna.org\/#website","url":"https:\/\/assoesna.org\/","name":"ESNA","description":"Agir pour un avenir solidaire, inclusif et connect\u00e9","publisher":{"@id":"https:\/\/assoesna.org\/#organization"},"potentialAction":[{"@type":"SearchAction","target":{"@type":"EntryPoint","urlTemplate":"https:\/\/assoesna.org\/?s={search_term_string}"},"query-input":{"@type":"PropertyValueSpecification","valueRequired":true,"valueName":"search_term_string"}}],"inLanguage":"fr-FR"},{"@type":"Organization","@id":"https:\/\/assoesna.org\/#organization","name":"ESNA","url":"https:\/\/assoesna.org\/","logo":{"@type":"ImageObject","inLanguage":"fr-FR","@id":"https:\/\/assoesna.org\/#\/schema\/logo\/image\/","url":"https:\/\/assoesna.org\/wp-content\/uploads\/2025\/02\/cropped-Fichier-10@4x-3.png","contentUrl":"https:\/\/assoesna.org\/wp-content\/uploads\/2025\/02\/cropped-Fichier-10@4x-3.png","width":1506,"height":552,"caption":"ESNA"},"image":{"@id":"https:\/\/assoesna.org\/#\/schema\/logo\/image\/"}}]}},"rttpg_featured_image_url":null,"rttpg_author":{"display_name":"Assoesna","author_link":"https:\/\/assoesna.org\/index.php\/author\/assoesna\/"},"rttpg_comment":0,"rttpg_category":null,"rttpg_excerpt":"\u00c9ducation et Sensibilisation aux Enjeux Soci\u00e9taux ESNA consid\u00e8re l&rsquo;\u00e9ducation et la sensibilisation aux enjeux soci\u00e9taux comme des piliers essentiels pour former des citoyens inform\u00e9s et engag\u00e9s. Nous organisons des ateliers et des \u00e9v\u00e9nements destin\u00e9s \u00e0 informer les jeunes et les adultes sur des questions sociales et environnementales cruciales, telles que les droits humains, l\u2019\u00e9galit\u00e9, et\u2026","_links":{"self":[{"href":"https:\/\/assoesna.org\/index.php\/wp-json\/wp\/v2\/pages\/504","targetHints":{"allow":["GET"]}}],"collection":[{"href":"https:\/\/assoesna.org\/index.php\/wp-json\/wp\/v2\/pages"}],"about":[{"href":"https:\/\/assoesna.org\/index.php\/wp-json\/wp\/v2\/types\/page"}],"author":[{"embeddable":true,"href":"https:\/\/assoesna.org\/index.php\/wp-json\/wp\/v2\/users\/1"}],"replies":[{"embeddable":true,"href":"https:\/\/assoesna.org\/index.php\/wp-json\/wp\/v2\/comments?post=504"}],"version-history":[{"count":19,"href":"https:\/\/assoesna.org\/index.php\/wp-json\/wp\/v2\/pages\/504\/revisions"}],"predecessor-version":[{"id":1212,"href":"https:\/\/assoesna.org\/index.php\/wp-json\/wp\/v2\/pages\/504\/revisions\/1212"}],"wp:attachment":[{"href":"https:\/\/assoesna.org\/index.php\/wp-json\/wp\/v2\/media?parent=504"}],"curies":[{"name":"wp","href":"https:\/\/api.w.org\/{rel}","templated":true}]}}