{"id":459,"date":"2025-02-16T16:33:48","date_gmt":"2025-02-16T15:33:48","guid":{"rendered":"https:\/\/assoesna.org\/?page_id=459"},"modified":"2025-03-27T14:26:49","modified_gmt":"2025-03-27T13:26:49","slug":"volet-multimedia","status":"publish","type":"page","link":"https:\/\/assoesna.org\/index.php\/volet-multimedia\/","title":{"rendered":"Volet multim\u00e9dia &amp; culturel"},"content":{"rendered":"\t\t<div data-elementor-type=\"wp-page\" data-elementor-id=\"459\" class=\"elementor elementor-459\">\n\t\t\t\t<div class=\"elementor-element elementor-element-e2bb50e e-con-full e-flex wpr-particle-no wpr-jarallax-no wpr-parallax-no wpr-sticky-section-no wpr-equal-height-no e-con e-parent\" data-id=\"e2bb50e\" data-element_type=\"container\" data-e-type=\"container\">\n\t\t\t\t<div class=\"elementor-element elementor-element-2a6837d elementor-widget elementor-widget-shortcode\" data-id=\"2a6837d\" data-element_type=\"widget\" data-e-type=\"widget\" data-widget_type=\"shortcode.default\">\n\t\t\t\t<div class=\"elementor-widget-container\">\n\t\t\t\t\t\t\t<div class=\"elementor-shortcode\"><\/div>\n\t\t\t\t\t\t<\/div>\n\t\t\t\t<\/div>\n\t\t\t\t<\/div>\n\t\t<div class=\"elementor-element elementor-element-a63f267 e-flex e-con-boxed wpr-particle-no wpr-jarallax-no wpr-parallax-no wpr-sticky-section-no wpr-equal-height-no e-con e-parent\" data-id=\"a63f267\" data-element_type=\"container\" data-e-type=\"container\">\n\t\t\t\t\t<div class=\"e-con-inner\">\n\t\t\t\t<div class=\"elementor-element elementor-element-0b12516 elementor-widget elementor-widget-spacer\" data-id=\"0b12516\" data-element_type=\"widget\" data-e-type=\"widget\" data-widget_type=\"spacer.default\">\n\t\t\t\t<div class=\"elementor-widget-container\">\n\t\t\t\t\t\t\t<div class=\"elementor-spacer\">\n\t\t\t<div class=\"elementor-spacer-inner\"><\/div>\n\t\t<\/div>\n\t\t\t\t\t\t<\/div>\n\t\t\t\t<\/div>\n\t\t\t\t<div class=\"elementor-element elementor-element-d98a678 elementor-widget__width-initial elementor-widget elementor-widget-heading\" data-id=\"d98a678\" data-element_type=\"widget\" data-e-type=\"widget\" data-widget_type=\"heading.default\">\n\t\t\t\t<div class=\"elementor-widget-container\">\n\t\t\t\t\t<h2 class=\"elementor-heading-title elementor-size-default\">Combattre l\u2019exclusion num\u00e9rique par la formation<\/h2>\t\t\t\t<\/div>\n\t\t\t\t<\/div>\n\t\t\t\t<div class=\"elementor-element elementor-element-a85b93b elementor-widget elementor-widget-spacer\" data-id=\"a85b93b\" data-element_type=\"widget\" data-e-type=\"widget\" data-widget_type=\"spacer.default\">\n\t\t\t\t<div class=\"elementor-widget-container\">\n\t\t\t\t\t\t\t<div class=\"elementor-spacer\">\n\t\t\t<div class=\"elementor-spacer-inner\"><\/div>\n\t\t<\/div>\n\t\t\t\t\t\t<\/div>\n\t\t\t\t<\/div>\n\t\t\t\t<div class=\"elementor-element elementor-element-a5a714f elementor-widget elementor-widget-text-editor\" data-id=\"a5a714f\" data-element_type=\"widget\" data-e-type=\"widget\" data-widget_type=\"text-editor.default\">\n\t\t\t\t<div class=\"elementor-widget-container\">\n\t\t\t\t\t\t\t\t\t<p data-start=\"2465\" data-end=\"3012\">L\u2019acc\u00e8s aux comp\u00e9tences num\u00e9riques est aujourd\u2019hui un levier indispensable pour l\u2019int\u00e9gration sociale et professionnelle. Consciente de cet enjeu, ESNA propose des formations en informatique de base, bureautique, et navigation Internet, visant \u00e0 lutter contre l&rsquo;exclusion num\u00e9rique. Ces formations permettent aux participants de ma\u00eetriser les outils indispensables \u00e0 la vie quotidienne, facilitant ainsi l\u2019acc\u00e8s \u00e0 l\u2019information, aux services en ligne, et aux opportunit\u00e9s de formation continue.<\/p><p data-start=\"2465\" data-end=\"3012\">Pour les personnes souhaitant approfondir leurs connaissances, ESNA propose \u00e9galement des ateliers avanc\u00e9s en d\u00e9veloppement Web et en gestion de contenu. En accompagnant les participants dans l&rsquo;acquisition de comp\u00e9tences en cr\u00e9ation de sites web et en programmation, nous leur offrons la possibilit\u00e9 d\u2019entrer dans des m\u00e9tiers d\u2019avenir et de s\u2019adapter \u00e0 un monde digitalis\u00e9. Ce parcours permet \u00e0 chacun de contribuer activement \u00e0 l&rsquo;essor num\u00e9rique de sa communaut\u00e9, tout en am\u00e9liorant ses perspectives professionnelles.<\/p>\t\t\t\t\t\t\t\t<\/div>\n\t\t\t\t<\/div>\n\t\t\t\t<div class=\"elementor-element elementor-element-6e9f6ed elementor-widget elementor-widget-spacer\" data-id=\"6e9f6ed\" data-element_type=\"widget\" data-e-type=\"widget\" data-widget_type=\"spacer.default\">\n\t\t\t\t<div class=\"elementor-widget-container\">\n\t\t\t\t\t\t\t<div class=\"elementor-spacer\">\n\t\t\t<div class=\"elementor-spacer-inner\"><\/div>\n\t\t<\/div>\n\t\t\t\t\t\t<\/div>\n\t\t\t\t<\/div>\n\t\t\t\t\t<\/div>\n\t\t\t\t<\/div>\n\t\t<div class=\"elementor-element elementor-element-fe04d69 e-flex e-con-boxed wpr-particle-no wpr-jarallax-no wpr-parallax-no wpr-sticky-section-no wpr-equal-height-no e-con e-parent\" data-id=\"fe04d69\" data-element_type=\"container\" data-e-type=\"container\" data-settings=\"{&quot;background_background&quot;:&quot;classic&quot;}\">\n\t\t\t\t\t<div class=\"e-con-inner\">\n\t\t\t\t<div class=\"elementor-element elementor-element-9d824ee elementor-widget elementor-widget-spacer\" data-id=\"9d824ee\" data-element_type=\"widget\" data-e-type=\"widget\" data-widget_type=\"spacer.default\">\n\t\t\t\t<div class=\"elementor-widget-container\">\n\t\t\t\t\t\t\t<div class=\"elementor-spacer\">\n\t\t\t<div class=\"elementor-spacer-inner\"><\/div>\n\t\t<\/div>\n\t\t\t\t\t\t<\/div>\n\t\t\t\t<\/div>\n\t\t\t\t<div class=\"elementor-element elementor-element-94458c8 elementor-widget__width-initial elementor-widget elementor-widget-heading\" data-id=\"94458c8\" data-element_type=\"widget\" data-e-type=\"widget\" data-widget_type=\"heading.default\">\n\t\t\t\t<div class=\"elementor-widget-container\">\n\t\t\t\t\t<h2 class=\"elementor-heading-title elementor-size-default\">Valoriser les cultures \u00e0 travers le num\u00e9rique<\/h2>\t\t\t\t<\/div>\n\t\t\t\t<\/div>\n\t\t\t\t<div class=\"elementor-element elementor-element-49644b8 elementor-widget elementor-widget-spacer\" data-id=\"49644b8\" data-element_type=\"widget\" data-e-type=\"widget\" data-widget_type=\"spacer.default\">\n\t\t\t\t<div class=\"elementor-widget-container\">\n\t\t\t\t\t\t\t<div class=\"elementor-spacer\">\n\t\t\t<div class=\"elementor-spacer-inner\"><\/div>\n\t\t<\/div>\n\t\t\t\t\t\t<\/div>\n\t\t\t\t<\/div>\n\t\t\t\t<div class=\"elementor-element elementor-element-54061eb elementor-widget elementor-widget-text-editor\" data-id=\"54061eb\" data-element_type=\"widget\" data-e-type=\"widget\" data-widget_type=\"text-editor.default\">\n\t\t\t\t<div class=\"elementor-widget-container\">\n\t\t\t\t\t\t\t\t\t<p>Au-del\u00e0 de l\u2019aspect technique, le multim\u00e9dia est aussi un formidable outil de valorisation des cultures. En donnant aux jeunes les moyens de raconter des histoires, de capturer des images et de cr\u00e9er du contenu digital, nous favorisons la mise en lumi\u00e8re des identit\u00e9s culturelles, des traditions et des expressions artistiques. Nos actions visent ainsi \u00e0 allier insertion professionnelle et pr\u00e9servation du patrimoine culturel, en faisant du num\u00e9rique un vecteur de transmission et de partage entre les g\u00e9n\u00e9rations.<\/p>\t\t\t\t\t\t\t\t<\/div>\n\t\t\t\t<\/div>\n\t\t\t\t<div class=\"elementor-element elementor-element-8e56eed elementor-widget elementor-widget-spacer\" data-id=\"8e56eed\" data-element_type=\"widget\" data-e-type=\"widget\" data-widget_type=\"spacer.default\">\n\t\t\t\t<div class=\"elementor-widget-container\">\n\t\t\t\t\t\t\t<div class=\"elementor-spacer\">\n\t\t\t<div class=\"elementor-spacer-inner\"><\/div>\n\t\t<\/div>\n\t\t\t\t\t\t<\/div>\n\t\t\t\t<\/div>\n\t\t\t\t\t<\/div>\n\t\t\t\t<\/div>\n\t\t<div class=\"elementor-element elementor-element-79f74b3 e-con-full e-flex wpr-particle-no wpr-jarallax-no wpr-parallax-no wpr-sticky-section-no wpr-equal-height-no e-con e-parent\" data-id=\"79f74b3\" data-element_type=\"container\" data-e-type=\"container\" data-settings=\"{&quot;background_background&quot;:&quot;classic&quot;}\">\n\t\t\t\t<\/div>\n\t\t\t\t<\/div>\n\t\t","protected":false},"excerpt":{"rendered":"<p>Combattre l\u2019exclusion num\u00e9rique par la formation L\u2019acc\u00e8s aux comp\u00e9tences num\u00e9riques est aujourd\u2019hui un levier indispensable pour l\u2019int\u00e9gration sociale et professionnelle. Consciente de cet enjeu, ESNA propose des formations en informatique de base, bureautique, et navigation Internet, visant \u00e0 lutter contre l&rsquo;exclusion num\u00e9rique. Ces formations permettent aux participants de ma\u00eetriser les outils indispensables \u00e0 la vie quotidienne, facilitant ainsi l\u2019acc\u00e8s \u00e0 l\u2019information, aux services en ligne, et aux opportunit\u00e9s de formation continue. Pour les personnes souhaitant approfondir leurs connaissances, ESNA propose \u00e9galement des ateliers avanc\u00e9s en d\u00e9veloppement Web et en gestion de contenu. En accompagnant les participants dans l&rsquo;acquisition de comp\u00e9tences en cr\u00e9ation de sites web et en programmation, nous leur offrons la possibilit\u00e9 d\u2019entrer dans des m\u00e9tiers d\u2019avenir et de s\u2019adapter \u00e0 un monde digitalis\u00e9. Ce parcours permet \u00e0 chacun de contribuer activement \u00e0 l&rsquo;essor num\u00e9rique de sa communaut\u00e9, tout en am\u00e9liorant ses perspectives professionnelles. Valoriser les cultures \u00e0 travers le num\u00e9rique Au-del\u00e0 de l\u2019aspect technique, le multim\u00e9dia est aussi un formidable outil de valorisation des cultures. En donnant aux jeunes les moyens de raconter des histoires, de capturer des images et de cr\u00e9er du contenu digital, nous favorisons la mise en lumi\u00e8re des identit\u00e9s culturelles, des traditions et des expressions artistiques. Nos actions visent ainsi \u00e0 allier insertion professionnelle et pr\u00e9servation du patrimoine culturel, en faisant du num\u00e9rique un vecteur de transmission et de partage entre les g\u00e9n\u00e9rations.<\/p>\n","protected":false},"author":1,"featured_media":0,"parent":0,"menu_order":0,"comment_status":"closed","ping_status":"closed","template":"","meta":{"footnotes":""},"class_list":["post-459","page","type-page","status-publish","hentry"],"yoast_head":"<!-- This site is optimized with the Yoast SEO plugin v27.4 - https:\/\/yoast.com\/product\/yoast-seo-wordpress\/ -->\n<title>Volet multim\u00e9dia &amp; culturel - ESNA<\/title>\n<meta name=\"robots\" content=\"index, follow, max-snippet:-1, max-image-preview:large, max-video-preview:-1\" \/>\n<link rel=\"canonical\" href=\"https:\/\/assoesna.org\/index.php\/volet-multimedia\/\" \/>\n<meta property=\"og:locale\" content=\"fr_FR\" \/>\n<meta property=\"og:type\" content=\"article\" \/>\n<meta property=\"og:title\" content=\"Volet multim\u00e9dia &amp; culturel - ESNA\" \/>\n<meta property=\"og:description\" content=\"Combattre l\u2019exclusion num\u00e9rique par la formation L\u2019acc\u00e8s aux comp\u00e9tences num\u00e9riques est aujourd\u2019hui un levier indispensable pour l\u2019int\u00e9gration sociale et professionnelle. Consciente de cet enjeu, ESNA propose des formations en informatique de base, bureautique, et navigation Internet, visant \u00e0 lutter contre l&rsquo;exclusion num\u00e9rique. Ces formations permettent aux participants de ma\u00eetriser les outils indispensables \u00e0 la vie quotidienne, facilitant ainsi l\u2019acc\u00e8s \u00e0 l\u2019information, aux services en ligne, et aux opportunit\u00e9s de formation continue. Pour les personnes souhaitant approfondir leurs connaissances, ESNA propose \u00e9galement des ateliers avanc\u00e9s en d\u00e9veloppement Web et en gestion de contenu. En accompagnant les participants dans l&rsquo;acquisition de comp\u00e9tences en cr\u00e9ation de sites web et en programmation, nous leur offrons la possibilit\u00e9 d\u2019entrer dans des m\u00e9tiers d\u2019avenir et de s\u2019adapter \u00e0 un monde digitalis\u00e9. Ce parcours permet \u00e0 chacun de contribuer activement \u00e0 l&rsquo;essor num\u00e9rique de sa communaut\u00e9, tout en am\u00e9liorant ses perspectives professionnelles. Valoriser les cultures \u00e0 travers le num\u00e9rique Au-del\u00e0 de l\u2019aspect technique, le multim\u00e9dia est aussi un formidable outil de valorisation des cultures. En donnant aux jeunes les moyens de raconter des histoires, de capturer des images et de cr\u00e9er du contenu digital, nous favorisons la mise en lumi\u00e8re des identit\u00e9s culturelles, des traditions et des expressions artistiques. Nos actions visent ainsi \u00e0 allier insertion professionnelle et pr\u00e9servation du patrimoine culturel, en faisant du num\u00e9rique un vecteur de transmission et de partage entre les g\u00e9n\u00e9rations.\" \/>\n<meta property=\"og:url\" content=\"https:\/\/assoesna.org\/index.php\/volet-multimedia\/\" \/>\n<meta property=\"og:site_name\" content=\"ESNA\" \/>\n<meta property=\"article:modified_time\" content=\"2025-03-27T13:26:49+00:00\" \/>\n<meta name=\"twitter:card\" content=\"summary_large_image\" \/>\n<meta name=\"twitter:label1\" content=\"Dur\u00e9e de lecture estim\u00e9e\" \/>\n\t<meta name=\"twitter:data1\" content=\"2 minutes\" \/>\n<script type=\"application\/ld+json\" class=\"yoast-schema-graph\">{\"@context\":\"https:\\\/\\\/schema.org\",\"@graph\":[{\"@type\":\"WebPage\",\"@id\":\"https:\\\/\\\/assoesna.org\\\/index.php\\\/volet-multimedia\\\/\",\"url\":\"https:\\\/\\\/assoesna.org\\\/index.php\\\/volet-multimedia\\\/\",\"name\":\"Volet multim\u00e9dia &amp; culturel - ESNA\",\"isPartOf\":{\"@id\":\"https:\\\/\\\/assoesna.org\\\/#website\"},\"datePublished\":\"2025-02-16T15:33:48+00:00\",\"dateModified\":\"2025-03-27T13:26:49+00:00\",\"breadcrumb\":{\"@id\":\"https:\\\/\\\/assoesna.org\\\/index.php\\\/volet-multimedia\\\/#breadcrumb\"},\"inLanguage\":\"fr-FR\",\"potentialAction\":[{\"@type\":\"ReadAction\",\"target\":[\"https:\\\/\\\/assoesna.org\\\/index.php\\\/volet-multimedia\\\/\"]}]},{\"@type\":\"BreadcrumbList\",\"@id\":\"https:\\\/\\\/assoesna.org\\\/index.php\\\/volet-multimedia\\\/#breadcrumb\",\"itemListElement\":[{\"@type\":\"ListItem\",\"position\":1,\"name\":\"Accueil\",\"item\":\"https:\\\/\\\/assoesna.org\\\/\"},{\"@type\":\"ListItem\",\"position\":2,\"name\":\"Volet multim\u00e9dia &amp; culturel\"}]},{\"@type\":\"WebSite\",\"@id\":\"https:\\\/\\\/assoesna.org\\\/#website\",\"url\":\"https:\\\/\\\/assoesna.org\\\/\",\"name\":\"ESNA\",\"description\":\"Agir pour un avenir solidaire, inclusif et connect\u00e9\",\"publisher\":{\"@id\":\"https:\\\/\\\/assoesna.org\\\/#organization\"},\"potentialAction\":[{\"@type\":\"SearchAction\",\"target\":{\"@type\":\"EntryPoint\",\"urlTemplate\":\"https:\\\/\\\/assoesna.org\\\/?s={search_term_string}\"},\"query-input\":{\"@type\":\"PropertyValueSpecification\",\"valueRequired\":true,\"valueName\":\"search_term_string\"}}],\"inLanguage\":\"fr-FR\"},{\"@type\":\"Organization\",\"@id\":\"https:\\\/\\\/assoesna.org\\\/#organization\",\"name\":\"ESNA\",\"url\":\"https:\\\/\\\/assoesna.org\\\/\",\"logo\":{\"@type\":\"ImageObject\",\"inLanguage\":\"fr-FR\",\"@id\":\"https:\\\/\\\/assoesna.org\\\/#\\\/schema\\\/logo\\\/image\\\/\",\"url\":\"https:\\\/\\\/assoesna.org\\\/wp-content\\\/uploads\\\/2025\\\/02\\\/cropped-Fichier-10@4x-3.png\",\"contentUrl\":\"https:\\\/\\\/assoesna.org\\\/wp-content\\\/uploads\\\/2025\\\/02\\\/cropped-Fichier-10@4x-3.png\",\"width\":1506,\"height\":552,\"caption\":\"ESNA\"},\"image\":{\"@id\":\"https:\\\/\\\/assoesna.org\\\/#\\\/schema\\\/logo\\\/image\\\/\"}}]}<\/script>\n<!-- \/ Yoast SEO plugin. -->","yoast_head_json":{"title":"Volet multim\u00e9dia &amp; culturel - ESNA","robots":{"index":"index","follow":"follow","max-snippet":"max-snippet:-1","max-image-preview":"max-image-preview:large","max-video-preview":"max-video-preview:-1"},"canonical":"https:\/\/assoesna.org\/index.php\/volet-multimedia\/","og_locale":"fr_FR","og_type":"article","og_title":"Volet multim\u00e9dia &amp; culturel - ESNA","og_description":"Combattre l\u2019exclusion num\u00e9rique par la formation L\u2019acc\u00e8s aux comp\u00e9tences num\u00e9riques est aujourd\u2019hui un levier indispensable pour l\u2019int\u00e9gration sociale et professionnelle. Consciente de cet enjeu, ESNA propose des formations en informatique de base, bureautique, et navigation Internet, visant \u00e0 lutter contre l&rsquo;exclusion num\u00e9rique. Ces formations permettent aux participants de ma\u00eetriser les outils indispensables \u00e0 la vie quotidienne, facilitant ainsi l\u2019acc\u00e8s \u00e0 l\u2019information, aux services en ligne, et aux opportunit\u00e9s de formation continue. Pour les personnes souhaitant approfondir leurs connaissances, ESNA propose \u00e9galement des ateliers avanc\u00e9s en d\u00e9veloppement Web et en gestion de contenu. En accompagnant les participants dans l&rsquo;acquisition de comp\u00e9tences en cr\u00e9ation de sites web et en programmation, nous leur offrons la possibilit\u00e9 d\u2019entrer dans des m\u00e9tiers d\u2019avenir et de s\u2019adapter \u00e0 un monde digitalis\u00e9. Ce parcours permet \u00e0 chacun de contribuer activement \u00e0 l&rsquo;essor num\u00e9rique de sa communaut\u00e9, tout en am\u00e9liorant ses perspectives professionnelles. Valoriser les cultures \u00e0 travers le num\u00e9rique Au-del\u00e0 de l\u2019aspect technique, le multim\u00e9dia est aussi un formidable outil de valorisation des cultures. En donnant aux jeunes les moyens de raconter des histoires, de capturer des images et de cr\u00e9er du contenu digital, nous favorisons la mise en lumi\u00e8re des identit\u00e9s culturelles, des traditions et des expressions artistiques. Nos actions visent ainsi \u00e0 allier insertion professionnelle et pr\u00e9servation du patrimoine culturel, en faisant du num\u00e9rique un vecteur de transmission et de partage entre les g\u00e9n\u00e9rations.","og_url":"https:\/\/assoesna.org\/index.php\/volet-multimedia\/","og_site_name":"ESNA","article_modified_time":"2025-03-27T13:26:49+00:00","twitter_card":"summary_large_image","twitter_misc":{"Dur\u00e9e de lecture estim\u00e9e":"2 minutes"},"schema":{"@context":"https:\/\/schema.org","@graph":[{"@type":"WebPage","@id":"https:\/\/assoesna.org\/index.php\/volet-multimedia\/","url":"https:\/\/assoesna.org\/index.php\/volet-multimedia\/","name":"Volet multim\u00e9dia &amp; culturel - ESNA","isPartOf":{"@id":"https:\/\/assoesna.org\/#website"},"datePublished":"2025-02-16T15:33:48+00:00","dateModified":"2025-03-27T13:26:49+00:00","breadcrumb":{"@id":"https:\/\/assoesna.org\/index.php\/volet-multimedia\/#breadcrumb"},"inLanguage":"fr-FR","potentialAction":[{"@type":"ReadAction","target":["https:\/\/assoesna.org\/index.php\/volet-multimedia\/"]}]},{"@type":"BreadcrumbList","@id":"https:\/\/assoesna.org\/index.php\/volet-multimedia\/#breadcrumb","itemListElement":[{"@type":"ListItem","position":1,"name":"Accueil","item":"https:\/\/assoesna.org\/"},{"@type":"ListItem","position":2,"name":"Volet multim\u00e9dia &amp; culturel"}]},{"@type":"WebSite","@id":"https:\/\/assoesna.org\/#website","url":"https:\/\/assoesna.org\/","name":"ESNA","description":"Agir pour un avenir solidaire, inclusif et connect\u00e9","publisher":{"@id":"https:\/\/assoesna.org\/#organization"},"potentialAction":[{"@type":"SearchAction","target":{"@type":"EntryPoint","urlTemplate":"https:\/\/assoesna.org\/?s={search_term_string}"},"query-input":{"@type":"PropertyValueSpecification","valueRequired":true,"valueName":"search_term_string"}}],"inLanguage":"fr-FR"},{"@type":"Organization","@id":"https:\/\/assoesna.org\/#organization","name":"ESNA","url":"https:\/\/assoesna.org\/","logo":{"@type":"ImageObject","inLanguage":"fr-FR","@id":"https:\/\/assoesna.org\/#\/schema\/logo\/image\/","url":"https:\/\/assoesna.org\/wp-content\/uploads\/2025\/02\/cropped-Fichier-10@4x-3.png","contentUrl":"https:\/\/assoesna.org\/wp-content\/uploads\/2025\/02\/cropped-Fichier-10@4x-3.png","width":1506,"height":552,"caption":"ESNA"},"image":{"@id":"https:\/\/assoesna.org\/#\/schema\/logo\/image\/"}}]}},"rttpg_featured_image_url":null,"rttpg_author":{"display_name":"Assoesna","author_link":"https:\/\/assoesna.org\/index.php\/author\/assoesna\/"},"rttpg_comment":0,"rttpg_category":null,"rttpg_excerpt":"Combattre l\u2019exclusion num\u00e9rique par la formation L\u2019acc\u00e8s aux comp\u00e9tences num\u00e9riques est aujourd\u2019hui un levier indispensable pour l\u2019int\u00e9gration sociale et professionnelle. Consciente de cet enjeu, ESNA propose des formations en informatique de base, bureautique, et navigation Internet, visant \u00e0 lutter contre l&rsquo;exclusion num\u00e9rique. Ces formations permettent aux participants de ma\u00eetriser les outils indispensables \u00e0 la vie\u2026","_links":{"self":[{"href":"https:\/\/assoesna.org\/index.php\/wp-json\/wp\/v2\/pages\/459","targetHints":{"allow":["GET"]}}],"collection":[{"href":"https:\/\/assoesna.org\/index.php\/wp-json\/wp\/v2\/pages"}],"about":[{"href":"https:\/\/assoesna.org\/index.php\/wp-json\/wp\/v2\/types\/page"}],"author":[{"embeddable":true,"href":"https:\/\/assoesna.org\/index.php\/wp-json\/wp\/v2\/users\/1"}],"replies":[{"embeddable":true,"href":"https:\/\/assoesna.org\/index.php\/wp-json\/wp\/v2\/comments?post=459"}],"version-history":[{"count":35,"href":"https:\/\/assoesna.org\/index.php\/wp-json\/wp\/v2\/pages\/459\/revisions"}],"predecessor-version":[{"id":1209,"href":"https:\/\/assoesna.org\/index.php\/wp-json\/wp\/v2\/pages\/459\/revisions\/1209"}],"wp:attachment":[{"href":"https:\/\/assoesna.org\/index.php\/wp-json\/wp\/v2\/media?parent=459"}],"curies":[{"name":"wp","href":"https:\/\/api.w.org\/{rel}","templated":true}]}}